{"id":400,"date":"2023-04-23T17:36:14","date_gmt":"2023-04-23T15:36:14","guid":{"rendered":"https:\/\/forschungsnetzwerk-anonymisierung.de\/?page_id=400"},"modified":"2025-08-23T12:19:43","modified_gmt":"2025-08-23T10:19:43","slug":"news","status":"publish","type":"page","link":"https:\/\/www.forschungsnetzwerk-anonymisierung.de\/index.php\/news","title":{"rendered":"News"},"content":{"rendered":"\t\t<div data-elementor-type=\"wp-page\" data-elementor-id=\"400\" class=\"elementor elementor-400\" data-elementor-settings=\"{&quot;ha_cmc_init_switcher&quot;:&quot;no&quot;}\" data-elementor-post-type=\"page\">\n\t\t\t\t<div class=\"elementor-element elementor-element-b2c6d1d e-flex e-con-boxed e-con e-parent\" data-id=\"b2c6d1d\" data-element_type=\"container\" data-e-type=\"container\" data-settings=\"{&quot;background_background&quot;:&quot;classic&quot;,&quot;background_motion_fx_motion_fx_scrolling&quot;:&quot;yes&quot;,&quot;background_motion_fx_translateY_effect&quot;:&quot;yes&quot;,&quot;background_motion_fx_translateY_speed&quot;:{&quot;unit&quot;:&quot;px&quot;,&quot;size&quot;:7.9,&quot;sizes&quot;:[]},&quot;background_motion_fx_translateY_affectedRange&quot;:{&quot;unit&quot;:&quot;%&quot;,&quot;size&quot;:&quot;&quot;,&quot;sizes&quot;:{&quot;start&quot;:0,&quot;end&quot;:100}},&quot;background_motion_fx_devices&quot;:[&quot;desktop&quot;,&quot;tablet&quot;,&quot;mobile&quot;],&quot;_ha_eqh_enable&quot;:false}\">\n\t\t\t\t\t<div class=\"e-con-inner\">\n\t\t<div class=\"elementor-element elementor-element-1368946 e-con-full e-flex e-con e-child\" data-id=\"1368946\" data-element_type=\"container\" data-e-type=\"container\" data-settings=\"{&quot;_ha_eqh_enable&quot;:false}\">\n\t\t\t\t<div class=\"elementor-element elementor-element-46fdeae elementor-widget elementor-widget-heading\" data-id=\"46fdeae\" data-element_type=\"widget\" data-e-type=\"widget\" data-widget_type=\"heading.default\">\n\t\t\t\t<div class=\"elementor-widget-container\">\n\t\t\t\t\t<h2 class=\"elementor-heading-title elementor-size-default\">Neuigkeiten<\/h2>\t\t\t\t<\/div>\n\t\t\t\t<\/div>\n\t\t\t\t<div class=\"elementor-element elementor-element-6dcee33 elementor-widget elementor-widget-text-editor\" data-id=\"6dcee33\" data-element_type=\"widget\" data-e-type=\"widget\" data-widget_type=\"text-editor.default\">\n\t\t\t\t<div class=\"elementor-widget-container\">\n\t\t\t\t\t\t\t\t\t<p>Hier finden Sie Neuigkeiten aus den f\u00fcnf Kompetenzclustern und 17 Projekten des Forschungsnetzwerks Anonymisierung f\u00fcr eine sichere Datennutzung.<\/p>\t\t\t\t\t\t\t\t<\/div>\n\t\t\t\t<\/div>\n\t\t\t\t<\/div>\n\t\t\t\t\t<\/div>\n\t\t\t\t<\/div>\n\t\t<div class=\"elementor-element elementor-element-4afb019 e-flex e-con-boxed e-con e-parent\" data-id=\"4afb019\" data-element_type=\"container\" data-e-type=\"container\" data-settings=\"{&quot;background_background&quot;:&quot;classic&quot;,&quot;_ha_eqh_enable&quot;:false}\">\n\t\t\t\t\t<div class=\"e-con-inner\">\n\t\t\t\t<div class=\"elementor-element elementor-element-67a4ec8 elementor-grid-3 elementor-grid-tablet-2 elementor-grid-mobile-1 elementor-posts--thumbnail-top elementor-posts__hover-gradient elementor-widget elementor-widget-posts\" data-id=\"67a4ec8\" data-element_type=\"widget\" data-e-type=\"widget\" data-settings=\"{&quot;cards_row_gap&quot;:{&quot;unit&quot;:&quot;em&quot;,&quot;size&quot;:2,&quot;sizes&quot;:[]},&quot;cards_row_gap_tablet&quot;:{&quot;unit&quot;:&quot;em&quot;,&quot;size&quot;:&quot;&quot;,&quot;sizes&quot;:[]},&quot;cards_row_gap_mobile&quot;:{&quot;unit&quot;:&quot;em&quot;,&quot;size&quot;:&quot;&quot;,&quot;sizes&quot;:[]},&quot;cards_columns&quot;:&quot;3&quot;,&quot;cards_columns_tablet&quot;:&quot;2&quot;,&quot;cards_columns_mobile&quot;:&quot;1&quot;}\" data-widget_type=\"posts.cards\">\n\t\t\t\t<div class=\"elementor-widget-container\">\n\t\t\t\t\t\t\t<div class=\"elementor-posts-container elementor-posts elementor-posts--skin-cards elementor-grid\" role=\"list\">\n\t\t\t\t<article class=\"elementor-post elementor-grid-item post-3826 post type-post status-publish format-standard has-post-thumbnail hentry category-allgemein\" role=\"listitem\">\n\t\t\t<div class=\"elementor-post__card\">\n\t\t\t\t<a class=\"elementor-post__thumbnail__link\" href=\"\/index.php\/erfolgreiche-abschlusskonferenz-des-aniged-clusters\" tabindex=\"-1\" ><div class=\"elementor-post__thumbnail\"><img fetchpriority=\"high\" decoding=\"async\" width=\"300\" height=\"200\" src=\"https:\/\/www.forschungsnetzwerk-anonymisierung.de\/wp-content\/uploads\/2026\/01\/hb6uwq0i4mi-300x200.jpg\" class=\"attachment-medium size-medium wp-image-3828\" alt=\"selective focus photography of people sitting on chairs while writing on notebooks\" srcset=\"https:\/\/www.forschungsnetzwerk-anonymisierung.de\/wp-content\/uploads\/2026\/01\/hb6uwq0i4mi-300x200.jpg 300w, https:\/\/www.forschungsnetzwerk-anonymisierung.de\/wp-content\/uploads\/2026\/01\/hb6uwq0i4mi-1024x683.jpg 1024w, https:\/\/www.forschungsnetzwerk-anonymisierung.de\/wp-content\/uploads\/2026\/01\/hb6uwq0i4mi-768x512.jpg 768w, https:\/\/www.forschungsnetzwerk-anonymisierung.de\/wp-content\/uploads\/2026\/01\/hb6uwq0i4mi-1536x1024.jpg 1536w, https:\/\/www.forschungsnetzwerk-anonymisierung.de\/wp-content\/uploads\/2026\/01\/hb6uwq0i4mi.jpg 1600w\" sizes=\"(max-width: 300px) 100vw, 300px\" \/><\/div><\/a>\n\t\t\t\t<div class=\"elementor-post__text\">\n\t\t\t\t<h3 class=\"elementor-post__title\">\n\t\t\t<a href=\"\/index.php\/erfolgreiche-abschlusskonferenz-des-aniged-clusters\" >\n\t\t\t\tErfolgreiche Abschlusskonferenz des AnigeD Clusters\t\t\t<\/a>\n\t\t<\/h3>\n\t\t\t\t<div class=\"elementor-post__excerpt\">\n\t\t\t<p>Am 13. und 14. November 2025 fand im Museum Wiesbaden die Abschlusskonferenz des Forschungsclusters \u203aAnonymit\u00e4t bei integrierten und georeferenzierten Daten (AnigeD)\u2039 statt. Damit endete offiziell die dreij\u00e4hrige Forschungsphase des vom<\/p>\n\t\t<\/div>\n\t\t\t\t\t<div class=\"elementor-post__read-more-wrapper\">\n\t\t\n\t\t<a class=\"elementor-post__read-more\" href=\"\/index.php\/erfolgreiche-abschlusskonferenz-des-aniged-clusters\" aria-label=\"Read more about Erfolgreiche Abschlusskonferenz des AnigeD Clusters\" tabindex=\"-1\" >\n\t\t\tWeiterlesen \u00bb\t\t<\/a>\n\n\t\t\t\t\t<\/div>\n\t\t\t\t<\/div>\n\t\t\t\t<div class=\"elementor-post__meta-data\">\n\t\t\t\t\t<span class=\"elementor-post-date\">\n\t\t\t21. Januar 2026\t\t<\/span>\n\t\t\t\t<\/div>\n\t\t\t\t\t<\/div>\n\t\t<\/article>\n\t\t\t\t<article class=\"elementor-post elementor-grid-item post-3554 post type-post status-publish format-standard has-post-thumbnail hentry category-allgemein\" role=\"listitem\">\n\t\t\t<div class=\"elementor-post__card\">\n\t\t\t\t<a class=\"elementor-post__thumbnail__link\" href=\"\/index.php\/spielend-datenschutz-verstehen-das-anomed-brettspiel-begeistert\" tabindex=\"-1\" ><div class=\"elementor-post__thumbnail\"><img decoding=\"async\" width=\"282\" height=\"300\" src=\"https:\/\/www.forschungsnetzwerk-anonymisierung.de\/wp-content\/uploads\/2025\/10\/Brettspieles-282x300.jpg\" class=\"attachment-medium size-medium wp-image-3546\" alt=\"\" srcset=\"https:\/\/www.forschungsnetzwerk-anonymisierung.de\/wp-content\/uploads\/2025\/10\/Brettspieles-282x300.jpg 282w, https:\/\/www.forschungsnetzwerk-anonymisierung.de\/wp-content\/uploads\/2025\/10\/Brettspieles-962x1024.jpg 962w, https:\/\/www.forschungsnetzwerk-anonymisierung.de\/wp-content\/uploads\/2025\/10\/Brettspieles-768x817.jpg 768w, https:\/\/www.forschungsnetzwerk-anonymisierung.de\/wp-content\/uploads\/2025\/10\/Brettspieles.jpg 1280w\" sizes=\"(max-width: 282px) 100vw, 282px\" \/><\/div><\/a>\n\t\t\t\t<div class=\"elementor-post__text\">\n\t\t\t\t<h3 class=\"elementor-post__title\">\n\t\t\t<a href=\"\/index.php\/spielend-datenschutz-verstehen-das-anomed-brettspiel-begeistert\" >\n\t\t\t\tSpielend Datenschutz verstehen: Das AnoMed-Brettspiel begeistert\t\t\t<\/a>\n\t\t<\/h3>\n\t\t\t\t<div class=\"elementor-post__excerpt\">\n\t\t\t<p>Mit unserem eigens entwickelten Brettspiel \u201eAnoMed \u2013 Spurensuche in der KI\u201c machen wir komplexe Themen wie Datenschutz, Anonymisierung und R\u00fcckschl\u00fcsse aus Daten auf spielerische Weise erlebbar. Das Spiel vermittelt anschaulich,<\/p>\n\t\t<\/div>\n\t\t\t\t\t<div class=\"elementor-post__read-more-wrapper\">\n\t\t\n\t\t<a class=\"elementor-post__read-more\" href=\"\/index.php\/spielend-datenschutz-verstehen-das-anomed-brettspiel-begeistert\" aria-label=\"Read more about Spielend Datenschutz verstehen: Das AnoMed-Brettspiel begeistert\" tabindex=\"-1\" >\n\t\t\tWeiterlesen \u00bb\t\t<\/a>\n\n\t\t\t\t\t<\/div>\n\t\t\t\t<\/div>\n\t\t\t\t<div class=\"elementor-post__meta-data\">\n\t\t\t\t\t<span class=\"elementor-post-date\">\n\t\t\t22. Oktober 2025\t\t<\/span>\n\t\t\t\t<\/div>\n\t\t\t\t\t<\/div>\n\t\t<\/article>\n\t\t\t\t<article class=\"elementor-post elementor-grid-item post-3543 post type-post status-publish format-standard has-post-thumbnail hentry category-allgemein\" role=\"listitem\">\n\t\t\t<div class=\"elementor-post__card\">\n\t\t\t\t<a class=\"elementor-post__thumbnail__link\" href=\"\/index.php\/rueckblick-anomed-auf-der-6-ki-landeskonferenz-medizin-gesundheit-in-luebeck\" tabindex=\"-1\" ><div class=\"elementor-post__thumbnail\"><img decoding=\"async\" width=\"287\" height=\"300\" src=\"https:\/\/www.forschungsnetzwerk-anonymisierung.de\/wp-content\/uploads\/2025\/10\/KI-Landeskonferenz_r0-287x300.jpg\" class=\"attachment-medium size-medium wp-image-3545\" alt=\"\" srcset=\"https:\/\/www.forschungsnetzwerk-anonymisierung.de\/wp-content\/uploads\/2025\/10\/KI-Landeskonferenz_r0-287x300.jpg 287w, https:\/\/www.forschungsnetzwerk-anonymisierung.de\/wp-content\/uploads\/2025\/10\/KI-Landeskonferenz_r0-980x1024.jpg 980w, https:\/\/www.forschungsnetzwerk-anonymisierung.de\/wp-content\/uploads\/2025\/10\/KI-Landeskonferenz_r0-768x803.jpg 768w, https:\/\/www.forschungsnetzwerk-anonymisierung.de\/wp-content\/uploads\/2025\/10\/KI-Landeskonferenz_r0.jpg 1200w\" sizes=\"(max-width: 287px) 100vw, 287px\" \/><\/div><\/a>\n\t\t\t\t<div class=\"elementor-post__text\">\n\t\t\t\t<h3 class=\"elementor-post__title\">\n\t\t\t<a href=\"\/index.php\/rueckblick-anomed-auf-der-6-ki-landeskonferenz-medizin-gesundheit-in-luebeck\" >\n\t\t\t\tR\u00fcckblick: AnoMed auf der 6. KI-Landeskonferenz \u201eMedizin &#038; Gesundheit\u201c in L\u00fcbeck\t\t\t<\/a>\n\t\t<\/h3>\n\t\t\t\t<div class=\"elementor-post__excerpt\">\n\t\t\t<p>Am 9. Oktober 2025 fand in den media docks L\u00fcbeck die 6. KI-Landeskonferenz \u201eMedizin &amp; Gesundheit\u201c statt. Mehr als 300 Fachleute aus Wissenschaft, Wirtschaft und Gesundheitswesen kamen zusammen, um aktuelle<\/p>\n\t\t<\/div>\n\t\t\t\t\t<div class=\"elementor-post__read-more-wrapper\">\n\t\t\n\t\t<a class=\"elementor-post__read-more\" href=\"\/index.php\/rueckblick-anomed-auf-der-6-ki-landeskonferenz-medizin-gesundheit-in-luebeck\" aria-label=\"Read more about R\u00fcckblick: AnoMed auf der 6. KI-Landeskonferenz \u201eMedizin &#038; Gesundheit\u201c in L\u00fcbeck\" tabindex=\"-1\" >\n\t\t\tWeiterlesen \u00bb\t\t<\/a>\n\n\t\t\t\t\t<\/div>\n\t\t\t\t<\/div>\n\t\t\t\t<div class=\"elementor-post__meta-data\">\n\t\t\t\t\t<span class=\"elementor-post-date\">\n\t\t\t22. Oktober 2025\t\t<\/span>\n\t\t\t\t<\/div>\n\t\t\t\t\t<\/div>\n\t\t<\/article>\n\t\t\t\t<article class=\"elementor-post elementor-grid-item post-3316 post type-post status-publish format-standard has-post-thumbnail hentry category-allgemein tag-anonymisierung tag-avatar-projekt tag-datenschutz tag-gesundheitsdaten tag-open-science-lab\" role=\"listitem\">\n\t\t\t<div class=\"elementor-post__card\">\n\t\t\t\t<a class=\"elementor-post__thumbnail__link\" href=\"\/index.php\/datenbrowser-dive-wie-steht-die-bevoelkerung-dazu-ihre-gesundheitsdaten-zu-teilen\" tabindex=\"-1\" ><div class=\"elementor-post__thumbnail\"><img loading=\"lazy\" decoding=\"async\" width=\"300\" height=\"139\" src=\"https:\/\/www.forschungsnetzwerk-anonymisierung.de\/wp-content\/uploads\/2025\/07\/DIVE-e1753792854667-300x139.png\" class=\"attachment-medium size-medium wp-image-3317\" alt=\"\" srcset=\"https:\/\/www.forschungsnetzwerk-anonymisierung.de\/wp-content\/uploads\/2025\/07\/DIVE-e1753792854667-300x139.png 300w, https:\/\/www.forschungsnetzwerk-anonymisierung.de\/wp-content\/uploads\/2025\/07\/DIVE-e1753792854667-1024x475.png 1024w, https:\/\/www.forschungsnetzwerk-anonymisierung.de\/wp-content\/uploads\/2025\/07\/DIVE-e1753792854667-768x356.png 768w, https:\/\/www.forschungsnetzwerk-anonymisierung.de\/wp-content\/uploads\/2025\/07\/DIVE-e1753792854667.png 1462w\" sizes=\"(max-width: 300px) 100vw, 300px\" \/><\/div><\/a>\n\t\t\t\t<div class=\"elementor-post__text\">\n\t\t\t\t<h3 class=\"elementor-post__title\">\n\t\t\t<a href=\"\/index.php\/datenbrowser-dive-wie-steht-die-bevoelkerung-dazu-ihre-gesundheitsdaten-zu-teilen\" >\n\t\t\t\tDatenbrowser DIVE: Wie steht die Bev\u00f6lkerung dazu, ihre Gesundheitsdaten zu teilen?\t\t\t<\/a>\n\t\t<\/h3>\n\t\t\t\t<div class=\"elementor-post__excerpt\">\n\t\t\t<p>Im AVATAR-Projekt wurde die Webanwendung DIVE entwickelt \u2013 ein interaktiver Datenbrowser, mit dem die Ergebnisse aus einer repr\u00e4sentativen Befragung zur Akzeptanz und Bereitschaft zum Teilen von Gesundheitsdaten erkundet werden k\u00f6nnen.<\/p>\n\t\t<\/div>\n\t\t\t\t\t<div class=\"elementor-post__read-more-wrapper\">\n\t\t\n\t\t<a class=\"elementor-post__read-more\" href=\"\/index.php\/datenbrowser-dive-wie-steht-die-bevoelkerung-dazu-ihre-gesundheitsdaten-zu-teilen\" aria-label=\"Read more about Datenbrowser DIVE: Wie steht die Bev\u00f6lkerung dazu, ihre Gesundheitsdaten zu teilen?\" tabindex=\"-1\" >\n\t\t\tWeiterlesen \u00bb\t\t<\/a>\n\n\t\t\t\t\t<\/div>\n\t\t\t\t<\/div>\n\t\t\t\t<div class=\"elementor-post__meta-data\">\n\t\t\t\t\t<span class=\"elementor-post-date\">\n\t\t\t29. Juli 2025\t\t<\/span>\n\t\t\t\t<\/div>\n\t\t\t\t\t<\/div>\n\t\t<\/article>\n\t\t\t\t<article class=\"elementor-post elementor-grid-item post-3165 post type-post status-publish format-standard has-post-thumbnail hentry category-allgemein tag-anonymisierung tag-datenschutz tag-mobilitaetsdaten tag-pendeln tag-verkehrsplanung tag-wissenschaftskommunikation\" role=\"listitem\">\n\t\t\t<div class=\"elementor-post__card\">\n\t\t\t\t<a class=\"elementor-post__thumbnail__link\" href=\"\/index.php\/rueckblick-3-osnabruecker-iot-mobilitaetstagung\" tabindex=\"-1\" ><div class=\"elementor-post__thumbnail\"><img loading=\"lazy\" decoding=\"async\" width=\"300\" height=\"225\" src=\"https:\/\/www.forschungsnetzwerk-anonymisierung.de\/wp-content\/uploads\/2025\/04\/Bild-20250218-141312-fced2565-300x225.jpeg\" class=\"attachment-medium size-medium wp-image-3166\" alt=\"\" srcset=\"https:\/\/www.forschungsnetzwerk-anonymisierung.de\/wp-content\/uploads\/2025\/04\/Bild-20250218-141312-fced2565-300x225.jpeg 300w, https:\/\/www.forschungsnetzwerk-anonymisierung.de\/wp-content\/uploads\/2025\/04\/Bild-20250218-141312-fced2565-1024x768.jpeg 1024w, https:\/\/www.forschungsnetzwerk-anonymisierung.de\/wp-content\/uploads\/2025\/04\/Bild-20250218-141312-fced2565-768x576.jpeg 768w, https:\/\/www.forschungsnetzwerk-anonymisierung.de\/wp-content\/uploads\/2025\/04\/Bild-20250218-141312-fced2565-1536x1152.jpeg 1536w, https:\/\/www.forschungsnetzwerk-anonymisierung.de\/wp-content\/uploads\/2025\/04\/Bild-20250218-141312-fced2565-2048x1536.jpeg 2048w\" sizes=\"(max-width: 300px) 100vw, 300px\" \/><\/div><\/a>\n\t\t\t\t<div class=\"elementor-post__text\">\n\t\t\t\t<h3 class=\"elementor-post__title\">\n\t\t\t<a href=\"\/index.php\/rueckblick-3-osnabruecker-iot-mobilitaetstagung\" >\n\t\t\t\tR\u00fcckblick: 3. Osnabr\u00fccker IoT \/ Mobilit\u00e4tstagung\t\t\t<\/a>\n\t\t<\/h3>\n\t\t\t\t<div class=\"elementor-post__excerpt\">\n\t\t\t<p>Mit 55 Teilnehmenden war die hybride IoT\/Mobilit\u00e4tstagung im InnovationsCentrum Osnabr\u00fcck der Hochschule Osnabr\u00fcck gut besucht und ein voller Erfolg.<\/p>\n\t\t<\/div>\n\t\t\t\t\t<div class=\"elementor-post__read-more-wrapper\">\n\t\t\n\t\t<a class=\"elementor-post__read-more\" href=\"\/index.php\/rueckblick-3-osnabruecker-iot-mobilitaetstagung\" aria-label=\"Read more about R\u00fcckblick: 3. Osnabr\u00fccker IoT \/ Mobilit\u00e4tstagung\" tabindex=\"-1\" >\n\t\t\tWeiterlesen \u00bb\t\t<\/a>\n\n\t\t\t\t\t<\/div>\n\t\t\t\t<\/div>\n\t\t\t\t<div class=\"elementor-post__meta-data\">\n\t\t\t\t\t<span class=\"elementor-post-date\">\n\t\t\t5. Mai 2025\t\t<\/span>\n\t\t\t\t<\/div>\n\t\t\t\t\t<\/div>\n\t\t<\/article>\n\t\t\t\t<article class=\"elementor-post elementor-grid-item post-3191 post type-post status-publish format-standard has-post-thumbnail hentry category-allgemein tag-aniged tag-anonymisierung tag-georeferenzierte-daten tag-synthetische-daten\" role=\"listitem\">\n\t\t\t<div class=\"elementor-post__card\">\n\t\t\t\t<a class=\"elementor-post__thumbnail__link\" href=\"\/index.php\/aniged-werkstattgespraech-im-statistischen-bundesamt\" tabindex=\"-1\" ><div class=\"elementor-post__thumbnail\"><img loading=\"lazy\" decoding=\"async\" width=\"300\" height=\"225\" src=\"https:\/\/www.forschungsnetzwerk-anonymisierung.de\/wp-content\/uploads\/2025\/04\/01-300x225.jpg\" class=\"attachment-medium size-medium wp-image-3192\" alt=\"\" srcset=\"https:\/\/www.forschungsnetzwerk-anonymisierung.de\/wp-content\/uploads\/2025\/04\/01-300x225.jpg 300w, https:\/\/www.forschungsnetzwerk-anonymisierung.de\/wp-content\/uploads\/2025\/04\/01-1024x768.jpg 1024w, https:\/\/www.forschungsnetzwerk-anonymisierung.de\/wp-content\/uploads\/2025\/04\/01-768x576.jpg 768w, https:\/\/www.forschungsnetzwerk-anonymisierung.de\/wp-content\/uploads\/2025\/04\/01-1536x1152.jpg 1536w, https:\/\/www.forschungsnetzwerk-anonymisierung.de\/wp-content\/uploads\/2025\/04\/01.jpg 2016w\" sizes=\"(max-width: 300px) 100vw, 300px\" \/><\/div><\/a>\n\t\t\t\t<div class=\"elementor-post__text\">\n\t\t\t\t<h3 class=\"elementor-post__title\">\n\t\t\t<a href=\"\/index.php\/aniged-werkstattgespraech-im-statistischen-bundesamt\" >\n\t\t\t\tAnigeD &#8211; Werkstattgespr\u00e4ch im Statistischen Bundesamt\t\t\t<\/a>\n\t\t<\/h3>\n\t\t\t\t<div class=\"elementor-post__excerpt\">\n\t\t\t<p>Am 7. und 8. April 2025 fand im Statistischen Bundesamt in Wiesbaden das vierte Werkstattgespr\u00e4ch des Forschungscluster \u201eAnonymit\u00e4t bei integrierten und georeferenzierten Daten &#8211; AnigeD\u201c statt. Im Mittelpunkt der zweit\u00e4gigen<\/p>\n\t\t<\/div>\n\t\t\t\t\t<div class=\"elementor-post__read-more-wrapper\">\n\t\t\n\t\t<a class=\"elementor-post__read-more\" href=\"\/index.php\/aniged-werkstattgespraech-im-statistischen-bundesamt\" aria-label=\"Read more about AnigeD &#8211; Werkstattgespr\u00e4ch im Statistischen Bundesamt\" tabindex=\"-1\" >\n\t\t\tWeiterlesen \u00bb\t\t<\/a>\n\n\t\t\t\t\t<\/div>\n\t\t\t\t<\/div>\n\t\t\t\t<div class=\"elementor-post__meta-data\">\n\t\t\t\t\t<span class=\"elementor-post-date\">\n\t\t\t5. Mai 2025\t\t<\/span>\n\t\t\t\t<\/div>\n\t\t\t\t\t<\/div>\n\t\t<\/article>\n\t\t\t\t<\/div>\n\t\t\n\t\t\t\t\t\t<\/div>\n\t\t\t\t<\/div>\n\t\t\t\t\t<\/div>\n\t\t\t\t<\/div>\n\t\t\t\t<\/div>\n\t\t","protected":false},"excerpt":{"rendered":"<p>Neuigkeiten Hier finden Sie Neuigkeiten aus den f\u00fcnf Kompetenzclustern und 17 Projekten des Forschungsnetzwerks Anonymisierung f\u00fcr eine sichere Datennutzung.<\/p>\n","protected":false},"author":1,"featured_media":0,"parent":0,"menu_order":0,"comment_status":"closed","ping_status":"closed","template":"","meta":{"footnotes":""},"class_list":["post-400","page","type-page","status-publish","hentry"],"_links":{"self":[{"href":"https:\/\/www.forschungsnetzwerk-anonymisierung.de\/index.php\/wp-json\/wp\/v2\/pages\/400","targetHints":{"allow":["GET"]}}],"collection":[{"href":"https:\/\/www.forschungsnetzwerk-anonymisierung.de\/index.php\/wp-json\/wp\/v2\/pages"}],"about":[{"href":"https:\/\/www.forschungsnetzwerk-anonymisierung.de\/index.php\/wp-json\/wp\/v2\/types\/page"}],"author":[{"embeddable":true,"href":"https:\/\/www.forschungsnetzwerk-anonymisierung.de\/index.php\/wp-json\/wp\/v2\/users\/1"}],"replies":[{"embeddable":true,"href":"https:\/\/www.forschungsnetzwerk-anonymisierung.de\/index.php\/wp-json\/wp\/v2\/comments?post=400"}],"version-history":[{"count":45,"href":"https:\/\/www.forschungsnetzwerk-anonymisierung.de\/index.php\/wp-json\/wp\/v2\/pages\/400\/revisions"}],"predecessor-version":[{"id":3370,"href":"https:\/\/www.forschungsnetzwerk-anonymisierung.de\/index.php\/wp-json\/wp\/v2\/pages\/400\/revisions\/3370"}],"wp:attachment":[{"href":"https:\/\/www.forschungsnetzwerk-anonymisierung.de\/index.php\/wp-json\/wp\/v2\/media?parent=400"}],"curies":[{"name":"wp","href":"https:\/\/api.w.org\/{rel}","templated":true}]}}